{"id":69,"date":"2019-12-02T18:43:42","date_gmt":"2019-12-02T16:43:42","guid":{"rendered":"http:\/\/localhost\/wordpress\/?page_id=69"},"modified":"2026-04-13T21:47:51","modified_gmt":"2026-04-13T18:47:51","slug":"entiset-toimijat","status":"publish","type":"page","link":"https:\/\/www.muinaismuistoyhdistys.fi\/index.php\/historia\/entiset-toimijat\/","title":{"rendered":"Aiemmat toimihenkil\u00f6t"},"content":{"rendered":"\n<h3 class=\"wp-block-heading\">Yhdistyksen entiset toimihenkil\u00f6t<\/h3>\n\n\n\n<p><strong>Puheenjohtajat:<\/strong><\/p>\n\n\n\n<ul>\n<li>Zachris Topelius 1870\u20131875, 1878\u20131879<\/li>\n\n\n\n<li>W. Lagus 1875\u20131878<\/li>\n\n\n\n<li>K. E. F. Ignatius 1879\u20131885<\/li>\n\n\n\n<li>J. R. Aspelin 1885\u20131915<\/li>\n\n\n\n<li>Hjalmar Appelgren-Kivalo 1915, 1918\u20131919<\/li>\n\n\n\n<li>Theodor Schvindt 1916\u20131917<\/li>\n\n\n\n<li>A. O. Heikel 1917\u20131918<\/li>\n\n\n\n<li>Alfred Hackman 1919\u20131920<\/li>\n\n\n\n<li>Juhani Rinne 1920\u20131921<\/li>\n\n\n\n<li>Kustavi Grotenfelt 1921\u20131922<\/li>\n\n\n\n<li>U. T. Sirelius 1922\u20131923, 1924\u20131929<\/li>\n\n\n\n<li>Julius Ailio 1923\u20131924<\/li>\n\n\n\n<li>Bj\u00f6rn Cederhvarf 1929\u20131930<\/li>\n\n\n\n<li>A. M. Tallgren 1930\u20131942<\/li>\n\n\n\n<li>Aarne \u00c4yr\u00e4p\u00e4\u00e4 1942\u20131945<\/li>\n\n\n\n<li>Kustaa Vilkuna 1945\u20131962<\/li>\n\n\n\n<li>Ella Kivikoski 1962\u20131968<\/li>\n\n\n\n<li>Lars Pettersson 1968\u20131973<\/li>\n\n\n\n<li>C. F. Meinander 1973\u20131976<\/li>\n\n\n\n<li>Henrik Lilius 1977\u20131984<\/li>\n\n\n\n<li>Juhani U. E. Lehtonen 1984\u20131991<\/li>\n\n\n\n<li>Torsten Edgren 1991\u20131998<\/li>\n\n\n\n<li>Teppo Korhonen 1998\u20132004<\/li>\n\n\n\n<li>Helena Edgren 2004\u20132010<\/li>\n\n\n\n<li>Mika Lavento 2010\u20132016<\/li>\n\n\n\n<li>Pia Olsson 2016\u20132021<\/li>\n\n\n\n<li>Elina R\u00e4s\u00e4nen 2021\u2013<\/li>\n<\/ul>\n\n\n\n<p><strong>Varapuheenjohtajat:<\/strong><\/p>\n\n\n\n<ul>\n<li>H. A. Reinholm 1870\u20131871, 1880\u20131881<\/li>\n\n\n\n<li>K. E. F. Ignatius 1871\u20131875<\/li>\n\n\n\n<li>Julius Krohn 1875\u20131876<\/li>\n\n\n\n<li>A. O. Freudenthal 1876\u20131878<\/li>\n\n\n\n<li>Otto Donner 1878\u20131880<\/li>\n\n\n\n<li>Eliel Aspelin 1880, 1881\u20131899<\/li>\n\n\n\n<li>J. J. Tikkanen 1899\u20131902<\/li>\n\n\n\n<li>Hjalmar Appelgren 1902\u20131916<\/li>\n\n\n\n<li>A. O. Heikel 1916\u20131918<\/li>\n\n\n\n<li>Alfred Hackman 1918\u20131919<\/li>\n\n\n\n<li>Juhani Rinne 1919\u20131920<\/li>\n\n\n\n<li>Kustavi Grotenfelt 1920\u20131921<\/li>\n\n\n\n<li>U. T. Sirelius 1921\u20131922<\/li>\n\n\n\n<li>Julius Ailio 1922\u20131923<\/li>\n\n\n\n<li>K. K. Meinander 1923\u20131924<\/li>\n\n\n\n<li>Bj\u00f6rn Cederhvarf 1924\u20131938<\/li>\n\n\n\n<li>C. A. Nordman 1938\u20131959<\/li>\n\n\n\n<li>Ella Kivikoski 1960\u20131961<\/li>\n\n\n\n<li>Lars Pettersson 1962\u20131967<\/li>\n\n\n\n<li>C. F. Meinander 1968\u20131973<\/li>\n\n\n\n<li>Riitta Pylkk\u00e4nen 1973\u20131974<\/li>\n\n\n\n<li>C. J. Gardberg 1974\u20131991<\/li>\n\n\n\n<li>Ari Siiri\u00e4inen 1991\u20131993<\/li>\n\n\n\n<li>Tuukka Talvio 1993\u20132003<\/li>\n\n\n\n<li>Paula Purhonen 2003\u20132010<\/li>\n\n\n\n<li>Renja Suominen-Kokkonen 2010\u20132017<\/li>\n\n\n\n<li>Petri Halinen 2017\u20132019<\/li>\n\n\n\n<li>Elina R\u00e4s\u00e4nen 2019\u20132021<\/li>\n\n\n\n<li>Johanna Enqvist 2021\u20132025<\/li>\n\n\n\n<li>Teemu V\u00e4is\u00e4nen 2025\u2013<\/li>\n<\/ul>\n\n\n\n<p><strong>Sihteerit:<\/strong><\/p>\n\n\n\n<ul>\n<li>K. A. Castr\u00e9n 1870\u20131871 (sijainen 1870&nbsp;J. R. Aspelin)<\/li>\n\n\n\n<li>Otto Donner 1871\u20131873 (sijainen Eliel Aspelin)<\/li>\n\n\n\n<li>Emil Nervander 1873\u20131874 (1874 sijainen Eliel Aspelin)<\/li>\n\n\n\n<li>J. R. Aspelin 1874\u20131885<\/li>\n\n\n\n<li>HJ. Appelgren 1885\u20131887, 1889\u20131896, 1897\u20131898 (sijainen 1887&nbsp;P. Th. Schvindt, 1897&nbsp;A. Hackman)<\/li>\n\n\n\n<li>A. O. Heikel 1887\u20131889, 1896\u20131897 (sijainen 1889&nbsp;N. Liakka)<\/li>\n\n\n\n<li>Julius Ailio 1898\u20131902 (sijaisina&nbsp;B. Cederhvarf,&nbsp;Juhani Rinne)<\/li>\n\n\n\n<li>Juhani Rinne 1902\u20131918 (sijaisina&nbsp;A. M. Tallgren&nbsp;1907,&nbsp;J. Lukkarinen&nbsp;1913,&nbsp;A. Europaeus&nbsp;1918)<\/li>\n\n\n\n<li>A. M. Tallgren 1918\u20131920 (sijaisina 1918&nbsp;A. Europaeus,&nbsp;I. Manninen)<\/li>\n\n\n\n<li>T. I. Itkonen 1920\u20131938<\/li>\n\n\n\n<li>Iikka Kronqvist 1938\u20131945<\/li>\n\n\n\n<li>Nils Cleve 1945\u20131950<\/li>\n\n\n\n<li>Toivo Vuorela 1950\u20131952<\/li>\n\n\n\n<li>C. F. Meinander 1952\u20131958<\/li>\n\n\n\n<li>Aarni Er\u00e4-Esko 1959\u20131964<\/li>\n\n\n\n<li>Aarne Kopisto 1965\u20131966<\/li>\n\n\n\n<li>Sven-Erik Krooks 1967\u20131970<\/li>\n\n\n\n<li>Pekka Sarvas 1970\u20131973, 1974\u20131975 (varasihteeri Pirjo Uino 1975\u20131993)<\/li>\n\n\n\n<li>Kirsti Melanko 1973\u20131974<\/li>\n\n\n\n<li>Teppo Korhonen 1976\u20131992 (varasihteeri Pirjo Uino 1975\u20131993)<\/li>\n\n\n\n<li>Marianne Schauman-L\u00f6nnqvist 1993\u20132002<\/li>\n\n\n\n<li>Karim Peltonen 2002\u20132003 (varasihteeri Harri Nyman)<\/li>\n\n\n\n<li>Hanna Forssell 2003\u20132006 (varasihteeri Satu Frondelius 2004\u20132006)<\/li>\n\n\n\n<li>Satu Frondelius 2006\u20132008<\/li>\n\n\n\n<li>Mikko Ter\u00e4svirta 2008\u20132011<\/li>\n\n\n\n<li>Inkeri Hakamies 2011\u20132014<\/li>\n\n\n\n<li>Irene Nurminen 2014\u20132015<\/li>\n\n\n\n<li>Liisa Kunnas-Pusa 2015\u20132018 (varasihteeri Frida Ehrnsten 2015\u20132018)<\/li>\n\n\n\n<li>Petra Lehtoruusu 2018\u20132020 <\/li>\n\n\n\n<li>Tanja Juuri 2021\u20132023 (varasihteeri Piia Pasanen 2018\u20132023)<\/li>\n\n\n\n<li>Eino Heikkil\u00e4 2023\u20132025 (varasihteeri Suvi Toivanen 2023\u20132026)<\/li>\n\n\n\n<li>Anna Vuolanto 2025\u2013 <\/li>\n<\/ul>\n\n\n\n<p><\/p>\n","protected":false},"excerpt":{"rendered":"<p>Yhdistyksen entiset toimihenkil\u00f6t Puheenjohtajat: Varapuheenjohtajat: Sihteerit:<\/p>\n","protected":false},"author":1,"featured_media":0,"parent":37,"menu_order":0,"comment_status":"closed","ping_status":"closed","template":"","meta":[],"_links":{"self":[{"href":"https:\/\/www.muinaismuistoyhdistys.fi\/index.php\/wp-json\/wp\/v2\/pages\/69"}],"collection":[{"href":"https:\/\/www.muinaismuistoyhdistys.fi\/index.php\/wp-json\/wp\/v2\/pages"}],"about":[{"href":"https:\/\/www.muinaismuistoyhdistys.fi\/index.php\/wp-json\/wp\/v2\/types\/page"}],"author":[{"embeddable":true,"href":"https:\/\/www.muinaismuistoyhdistys.fi\/index.php\/wp-json\/wp\/v2\/users\/1"}],"replies":[{"embeddable":true,"href":"https:\/\/www.muinaismuistoyhdistys.fi\/index.php\/wp-json\/wp\/v2\/comments?post=69"}],"version-history":[{"count":10,"href":"https:\/\/www.muinaismuistoyhdistys.fi\/index.php\/wp-json\/wp\/v2\/pages\/69\/revisions"}],"predecessor-version":[{"id":1632,"href":"https:\/\/www.muinaismuistoyhdistys.fi\/index.php\/wp-json\/wp\/v2\/pages\/69\/revisions\/1632"}],"up":[{"embeddable":true,"href":"https:\/\/www.muinaismuistoyhdistys.fi\/index.php\/wp-json\/wp\/v2\/pages\/37"}],"wp:attachment":[{"href":"https:\/\/www.muinaismuistoyhdistys.fi\/index.php\/wp-json\/wp\/v2\/media?parent=69"}],"curies":[{"name":"wp","href":"https:\/\/api.w.org\/{rel}","templated":true}]}}